{"id":2514,"date":"2019-05-20T19:50:48","date_gmt":"2019-05-20T19:50:48","guid":{"rendered":"https:\/\/www.kappadev.fr\/htt_old\/?page_id=2514"},"modified":"2020-05-05T14:15:56","modified_gmt":"2020-05-05T14:15:56","slug":"preparation-alps-epic","status":"publish","type":"page","link":"https:\/\/www.kappadev.fr\/htt_old\/preparation-alps-epic\/","title":{"rendered":"LES SINGLES DE L&rsquo;ALPS EPIC"},"content":{"rendered":"\n<h1 class=\"wp-block-heading\"><strong>PREPARATION A L\u2019ALPS EPIC<\/strong><\/h1>\n\n\n\n<div class=\"wp-block-image\"><figure class=\"aligncenter size-large\"><img loading=\"lazy\" decoding=\"async\" width=\"867\" height=\"353\" src=\"https:\/\/www.kappadev.fr\/htt_old\/files\/2020\/05\/alpsepic.jpg\" alt=\"Logo Alps Epic\" class=\"wp-image-2896\" srcset=\"https:\/\/www.kappadev.fr\/htt_old\/files\/2020\/05\/alpsepic.jpg 867w, https:\/\/www.kappadev.fr\/htt_old\/files\/2020\/05\/alpsepic-300x122.jpg 300w, https:\/\/www.kappadev.fr\/htt_old\/files\/2020\/05\/alpsepic-768x313.jpg 768w\" sizes=\"auto, (max-width: 867px) 100vw, 867px\" \/><\/figure><\/div>\n\n\n\n<p class=\"has-normal-font-size\">L\u2019<strong><a href=\"https:\/\/www.alpsepic.com\/\" target=\"_blank\" rel=\"noreferrer noopener\">Alps Epic<\/a><\/strong>, une exp\u00e9rience exceptionnelle sur les traces de la Grande Travers\u00e9e VTT des Hautes-Alpes. En mode <strong>course ou rando<\/strong>, <strong>avec ou sans chrono<\/strong>, <strong>tout seul ou en duo<\/strong>, venez relever la challenge d\u2019une \u00e9preuve \u00e0 la mesure de vos ambitions&nbsp;!<\/p>\n\n\n\n<div style=\"height:20px\" aria-hidden=\"true\" class=\"wp-block-spacer\"><\/div>\n\n\n\n<figure class=\"wp-block-embed-facebook aligncenter wp-block-embed is-type-video is-provider-facebook\"><div class=\"wp-block-embed__wrapper\">\n<div id=\"fb-root\"><\/div><script async=\"1\" defer=\"1\" crossorigin=\"anonymous\" src=\"https:\/\/connect.facebook.net\/fr_FR\/sdk.js#xfbml=1&amp;version=v6.0\"><\/script><div class=\"fb-video\" data-href=\"https:\/\/www.facebook.com\/1499582423690186\/videos\/2531370590277681\/\" data-width=\"860\"><blockquote cite=\"https:\/\/www.facebook.com\/alpsepic\/videos\/2531370590277681\/\" class=\"fb-xfbml-parse-ignore\"><a href=\"https:\/\/www.facebook.com\/alpsepic\/videos\/2531370590277681\/\">Teaser Alps Epic 2020<\/a><p>\/\/ TEASER \/\/ Alps Epic 2020 &#8211; Marathon MTB Event&#039;s c&#039;est parti ! Deux dates importantes \u00e0 venir prochainement :1\ufe0f\u20e331\/10 =&gt; Clot\u00fbre des Early Booking ! \u26a0\ufe0f Pack bleu Sold Out \u26a0\ufe0f Il reste des packs noirs et Race Only.2\ufe0f\u20e301\/11 =&gt; Pr\u00e9sentation du Parcours Alps Epic 2020 ?Pr\u00eat pour une grande ann\u00e9e Alps Epic Events ? ?<\/p>Publi\u00e9e par <a href=\"https:\/\/www.facebook.com\/alpsepic\/\">Alps Epic Events<\/a> sur Mardi 15 octobre 2019<\/blockquote><\/div>\n<\/div><\/figure>\n\n\n\n<p class=\"has-text-color has-text-align-center has-large-font-size has-very-dark-gray-color\"><strong>#YOUREPICEXPERIENCE<\/strong><\/p>\n\n\n\n<div style=\"height:20px\" aria-hidden=\"true\" class=\"wp-block-spacer\"><\/div>\n\n\n\n<p class=\"has-normal-font-size\">\u00c7a y est, <strong>vous vous \u00eates d\u00e9cid\u00e9 \u00e0 participer \u00e0 ce bel \u00e9v\u00e9nement haut alpin<\/strong> et votre d\u00e9termination est sans faille&#8230; mais les passages techniques et sp\u00e9cifiques de montagne vous posent encore quelques probl\u00e8mes&nbsp;? <strong>Venez parfaire votre technique<\/strong> sur les passages d\u2019\u00e9pingles, franchissements de marches, single tracks \u201ca\u00e9riens\u201d qui vous attendent sur votre parcours.<\/p>\n\n\n\n<div style=\"height:20px\" aria-hidden=\"true\" class=\"wp-block-spacer\"><\/div>\n\n\n\n<h3 class=\"wp-block-heading\"><strong>Jour 1 :<\/strong><\/h3>\n\n\n\n<p class=\"has-normal-font-size\">D\u00e9placement en navette, rappel des bases du pilotage en descente, conduite en courbe, passage d&rsquo;\u00e9pingle, franchissement de marches&#8230;<\/p>\n\n\n\n<p><em>En option : \u00e9tude posturale faite par un professionnel (mesures, analyses, r\u00e9glages, et modifications)<\/em><\/p>\n\n\n\n<h3 class=\"wp-block-heading\"><strong>Jour 2 :<\/strong><\/h3>\n\n\n\n<p class=\"has-normal-font-size\">D\u00e9placement en navette, mise en situation, suivi p\u00e9dagogique sur une \u00e9tape de l&rsquo;Alps Epic choisi pour sa technicit\u00e9.<\/p>\n\n\n\n<div style=\"height:20px\" aria-hidden=\"true\" class=\"wp-block-spacer\"><\/div>\n\n\n\n<p class=\"has-normal-font-size\"><strong>Nombre de places :<\/strong> 3 minimum \u2013 8 maximum\/ moniteurs<\/p>\n\n\n\n<p class=\"has-normal-font-size\"><strong>Dates :<\/strong> 08 &amp; 09 Ao\u00fbt 2020 et 15 &amp; 16 Ao\u00fbt 2020<\/p>\n\n\n\n<p class=\"has-normal-font-size\"><strong>Date limite de r\u00e9servation :<\/strong> 1<sup>er<\/sup> Aout 2020<\/p>\n\n\n\n<p class=\"has-normal-font-size\"><strong>Tarif* (encadrement et navette inclus&nbsp;; si besoin, r\u00e9cup\u00e9ration en gare\/sur site d\u2019accueil et navette jusqu\u2019\u00e0 l\u2019h\u00f4tel si besoin) :<\/strong><\/p>\n\n\n\n<ul class=\"wp-block-list\"><li><strong>1 journ\u00e9e :<\/strong> 100\u20ac\/ personne<\/li><li><strong>2 jours :<\/strong> 180\u20ac\/ personne<\/li><\/ul>\n\n\n\n<p><em>* Ne comprend pas : le mat\u00e9riel (v\u00e9lo et protections), l&rsquo;h\u00e9bergement, la nourriture, l&rsquo;\u00e9tude posturale (optionnelle)<\/em><\/p>\n\n\n\n<p><strong><em>NB : Possibilit\u00e9 de package tout compris selon la demande<\/em><\/strong><\/p>\n\n\n\n<div style=\"height:20px\" aria-hidden=\"true\" class=\"wp-block-spacer\"><\/div>\n\n\n\n<p class=\"has-text-align-center has-medium-font-size\">Pour toute information et demande de r\u00e9servation, <a href=\"https:\/\/www.kappadev.fr\/htt_old\/contact\/\" target=\"_blank\" rel=\"noreferrer noopener\">contactez-nous<\/a> !<\/p>\n","protected":false},"excerpt":{"rendered":"<p>PREPARATION A L\u2019ALPS EPIC L\u2019Alps Epic, une exp\u00e9rience exceptionnelle sur les traces de la Grande Travers\u00e9e VTT des Hautes-Alpes. En mode course ou rando, avec ou sans chrono, tout seul ou en duo, venez relever la challenge d\u2019une \u00e9preuve \u00e0 la mesure de vos ambitions&nbsp;! #YOUREPICEXPERIENCE \u00c7a y est, vous vous \u00eates d\u00e9cid\u00e9 \u00e0 participer \u00e0 ce bel \u00e9v\u00e9nement haut alpin et votre d\u00e9termination est sans faille&#8230; mais les passages techniques et sp\u00e9cifiques de montagne vous posent encore quelques probl\u00e8mes&nbsp;? Venez parfaire votre technique sur les passages d\u2019\u00e9pingles, franchissements de marches, single tracks \u201ca\u00e9riens\u201d qui vous attendent sur votre parcours.Read more<\/p>\n","protected":false},"author":62,"featured_media":0,"parent":0,"menu_order":0,"comment_status":"closed","ping_status":"closed","template":"","meta":{"footnotes":""},"class_list":["post-2514","page","type-page","status-publish","hentry"],"_links":{"self":[{"href":"https:\/\/www.kappadev.fr\/htt_old\/wp-json\/wp\/v2\/pages\/2514","targetHints":{"allow":["GET"]}}],"collection":[{"href":"https:\/\/www.kappadev.fr\/htt_old\/wp-json\/wp\/v2\/pages"}],"about":[{"href":"https:\/\/www.kappadev.fr\/htt_old\/wp-json\/wp\/v2\/types\/page"}],"author":[{"embeddable":true,"href":"https:\/\/www.kappadev.fr\/htt_old\/wp-json\/wp\/v2\/users\/62"}],"replies":[{"embeddable":true,"href":"https:\/\/www.kappadev.fr\/htt_old\/wp-json\/wp\/v2\/comments?post=2514"}],"version-history":[{"count":0,"href":"https:\/\/www.kappadev.fr\/htt_old\/wp-json\/wp\/v2\/pages\/2514\/revisions"}],"wp:attachment":[{"href":"https:\/\/www.kappadev.fr\/htt_old\/wp-json\/wp\/v2\/media?parent=2514"}],"curies":[{"name":"wp","href":"https:\/\/api.w.org\/{rel}","templated":true}]}}