{"id":1299,"date":"2011-06-01T14:05:38","date_gmt":"2011-06-01T14:05:38","guid":{"rendered":"https:\/\/www.kappadev.fr\/htt_old\/?page_id=1299"},"modified":"2024-07-27T14:12:36","modified_gmt":"2024-07-27T14:12:36","slug":"stage-vtt-mini-dh-camp","status":"publish","type":"page","link":"https:\/\/www.kappadev.fr\/htt_old\/stage-vtt-mini-dh-camp\/","title":{"rendered":"Stage Descente Bike Park : Mini Camp"},"content":{"rendered":"\n<h1 class=\"wp-block-heading\"><strong>LE MINI-CAMP : LE STAGE DONT VOUS CHOISISSEZ LA DUREE !<\/strong><\/h1>\n\n\n\n<div class=\"wp-block-spacer\" style=\"height: 20px\" aria-hidden=\"true\">\u00a0<\/div>\n\n\n\n<p class=\"has-normal-font-size\"><strong>Une semaine, \u00e7a fait trop long&nbsp;? Venez profiter des Mini-Camp afin de peaufiner votre technique et d\u2019analyser vos erreurs. De la demi-journ\u00e9e \u00e0 3 jours intensifs sur la station des Orres, trouvez la dur\u00e9e qui vous convient afin de pouvoir \u00e9voluer sur ce <a href=\"https:\/\/www.kappadev.fr\/htt_old\/bike-park-les-orres\/\" target=\"_blank\" rel=\"noreferrer noopener\">Bike Park<\/a> de renom en toute s\u00e9curit\u00e9&nbsp;!<\/strong><\/p>\n\n\n\n<figure class=\"wp-block-image size-large\"><img loading=\"lazy\" decoding=\"async\" width=\"1024\" height=\"768\" src=\"https:\/\/www.kappadev.fr\/htt_old\/files\/2016\/12\/bullegroupedjh-e1587984670982-1024x768.jpeg\" alt=\"\" class=\"wp-image-2206\" \/><\/figure>\n\n\n\n<div class=\"wp-block-spacer\" style=\"height: 20px\" aria-hidden=\"true\">&nbsp;<\/div>\n\n\n\n<p class=\"has-normal-font-size\"><strong>Dates : <\/strong>Tous les jours de la saison estivale (Juillet et Ao\u00fbt)<\/p>\n\n\n\n<p class=\"has-normal-font-size\"><strong>Dur\u00e9es : <\/strong>de la demi-journ\u00e9e \u00e0 3 jours<\/p>\n\n\n\n<p class=\"has-normal-font-size\"><strong>Niveau :<\/strong> Tous niveaux<\/p>\n\n\n\n<p class=\"has-normal-font-size\"><strong>\u00c2ge :<\/strong><\/p>\n\n\n\n<ul class=\"wp-block-list\">\n<li>\u00e0 partir de 10 ans <\/li>\n<\/ul>\n\n\n\n<p class=\"has-normal-font-size\"><strong>Horaires :<\/strong><\/p>\n\n\n\n<ul class=\"wp-block-list\">\n<li>Demi-journ\u00e9e&nbsp;: de 8h45 \u00e0 12h30 ou 13h15 \u00e0 17h00<\/li>\n\n\n\n<li>Journ\u00e9e&nbsp;: 8h45 \u00e0 17h00 (1h de pause le midi)<\/li>\n<\/ul>\n\n\n\n<p class=\"has-normal-font-size\"><strong>Tarifs* (encadrement, forfait remont\u00e9es m\u00e9caniques, VTT DH, Full Protect (casque, dosale, tibias, gants) + analyse vid\u00e9o pour les stages mini 3 jours inclus) :<\/strong><\/p>\n\n\n\n<ul class=\"wp-block-list\">\n<li>98\u20ac\/ personne la demi-journ\u00e9e<\/li>\n<\/ul>\n\n\n<div class=\"wp-block-image\">\n<figure class=\"aligncenter size-full\"><a href=\"https:\/\/activiteez.com\/u\/72957525542005?minisitePref=classic&amp;backgroundColor=%23ffffff&amp;summary=1%2F2J%20Bike%20Park%20D%C3%A9couverte%20RESA%20WEB&amp;compact=true&amp;noTarget=true&amp;permanent=hide&amp;bookable=only&amp;category=vtt%20de%20descente\"><img loading=\"lazy\" decoding=\"async\" width=\"243\" height=\"44\" src=\"https:\/\/www.kappadev.fr\/htt_old\/files\/2020\/04\/resa-bouton.png\" alt=\"\" class=\"wp-image-2607\" \/><\/a><\/figure>\n<\/div>\n\n\n<p>* Ne comprend pas : boissons et pique-niques, d\u00e9penses personnelles, assurances personnelles, mat\u00e9riel de r\u00e9paration n\u00e9cessaire aux VTT perso, ainsi que tout autre suppl\u00e9ment non pr\u00e9vu au programme. <\/p>\n\n\n\n<figure class=\"wp-block-gallery has-nested-images columns-3 is-cropped wp-block-gallery-1 is-layout-flex wp-block-gallery-is-layout-flex\">\n<figure class=\"wp-block-image size-large\"><img loading=\"lazy\" decoding=\"async\" width=\"750\" height=\"400\" data-id=\"596\" src=\"https:\/\/www.kappadev.fr\/htt_old\/files\/2011\/04\/DH_Camp_2.png\" alt=\"\" class=\"wp-image-596\" srcset=\"https:\/\/www.kappadev.fr\/htt_old\/files\/2011\/04\/DH_Camp_2.png 750w, https:\/\/www.kappadev.fr\/htt_old\/files\/2011\/04\/DH_Camp_2-300x160.png 300w\" sizes=\"auto, (max-width: 750px) 100vw, 750px\" \/><\/figure>\n\n\n\n<figure class=\"wp-block-image size-large\"><img loading=\"lazy\" decoding=\"async\" width=\"750\" height=\"400\" data-id=\"760\" src=\"https:\/\/www.kappadev.fr\/htt_old\/files\/2011\/04\/prix_3.jpg\" alt=\"\" class=\"wp-image-760\" srcset=\"https:\/\/www.kappadev.fr\/htt_old\/files\/2011\/04\/prix_3.jpg 750w, https:\/\/www.kappadev.fr\/htt_old\/files\/2011\/04\/prix_3-300x160.jpg 300w\" sizes=\"auto, (max-width: 750px) 100vw, 750px\" \/><\/figure>\n\n\n\n<figure class=\"wp-block-image size-large\"><img loading=\"lazy\" decoding=\"async\" width=\"1024\" height=\"683\" data-id=\"2267\" src=\"https:\/\/www.kappadev.fr\/htt_old\/files\/2017\/03\/sebbikeparkbd-1024x683.jpg\" alt=\"\" class=\"wp-image-2267\" srcset=\"https:\/\/www.kappadev.fr\/htt_old\/files\/2017\/03\/sebbikeparkbd-1024x683.jpg 1024w, https:\/\/www.kappadev.fr\/htt_old\/files\/2017\/03\/sebbikeparkbd-300x200.jpg 300w, https:\/\/www.kappadev.fr\/htt_old\/files\/2017\/03\/sebbikeparkbd-768x512.jpg 768w, https:\/\/www.kappadev.fr\/htt_old\/files\/2017\/03\/sebbikeparkbd.jpg 1299w\" sizes=\"auto, (max-width: 1024px) 100vw, 1024px\" \/><\/figure>\n<\/figure>\n\n\n\n<p class=\"has-text-align-center\">POUR TOUS RENSEIGNEMENTS, <a rel=\"noreferrer noopener\" href=\"https:\/\/www.kappadev.fr\/htt_old\/contact\/\" target=\"_blank\">NOUS CONTACTER<\/a> AU 07.43.01.63.89<\/p>\n\n\n\n<div style=\"height:20px\" aria-hidden=\"true\" class=\"wp-block-spacer\"><\/div>\n","protected":false},"excerpt":{"rendered":"<p>LE MINI-CAMP : LE STAGE DONT VOUS CHOISISSEZ LA DUREE ! Une semaine, \u00e7a fait trop long&nbsp;? Venez profiter des Mini-Camp afin de peaufiner votre technique et d\u2019analyser vos erreurs. De la demi-journ\u00e9e \u00e0 3 jours intensifs sur la station des Orres, trouvez la dur\u00e9e qui vous convient afin de pouvoir \u00e9voluer sur ce Bike Park de renom en toute s\u00e9curit\u00e9&nbsp;! &nbsp; Dates : Tous les jours de la saison estivale (Juillet et Ao\u00fbt) Dur\u00e9es : de la demi-journ\u00e9e \u00e0 3 jours Niveau : Tous niveaux \u00c2ge : Horaires : Tarifs* (encadrement, forfait remont\u00e9es m\u00e9caniques, VTT DH, Full Protect (casque,Read more<\/p>\n","protected":false},"author":6,"featured_media":0,"parent":0,"menu_order":0,"comment_status":"closed","ping_status":"closed","template":"","meta":{"footnotes":""},"class_list":["post-1299","page","type-page","status-publish","hentry"],"_links":{"self":[{"href":"https:\/\/www.kappadev.fr\/htt_old\/wp-json\/wp\/v2\/pages\/1299","targetHints":{"allow":["GET"]}}],"collection":[{"href":"https:\/\/www.kappadev.fr\/htt_old\/wp-json\/wp\/v2\/pages"}],"about":[{"href":"https:\/\/www.kappadev.fr\/htt_old\/wp-json\/wp\/v2\/types\/page"}],"author":[{"embeddable":true,"href":"https:\/\/www.kappadev.fr\/htt_old\/wp-json\/wp\/v2\/users\/6"}],"replies":[{"embeddable":true,"href":"https:\/\/www.kappadev.fr\/htt_old\/wp-json\/wp\/v2\/comments?post=1299"}],"version-history":[{"count":0,"href":"https:\/\/www.kappadev.fr\/htt_old\/wp-json\/wp\/v2\/pages\/1299\/revisions"}],"wp:attachment":[{"href":"https:\/\/www.kappadev.fr\/htt_old\/wp-json\/wp\/v2\/media?parent=1299"}],"curies":[{"name":"wp","href":"https:\/\/api.w.org\/{rel}","templated":true}]}}